{"id":211,"date":"2018-03-22T11:47:32","date_gmt":"2018-03-22T10:47:32","guid":{"rendered":"http:\/\/biskopen.se\/?page_id=211"},"modified":"2020-10-15T20:16:08","modified_gmt":"2020-10-15T19:16:08","slug":"marieholm-eslov","status":"publish","type":"page","link":"https:\/\/biskopen.se\/index.php\/marieholm-eslov\/","title":{"rendered":"Marieholm"},"content":{"rendered":"\n<h3 class=\"wp-block-heading\">Omr\u00e5de och adresser<\/h3>\n\n\n\n<figure class=\"wp-block-table\"><table class=\"has-subtle-light-gray-background-color has-fixed-layout has-background\"><tbody><tr><td class=\"has-text-align-center\" data-align=\"center\"><img loading=\"lazy\" decoding=\"async\" width=\"100\" height=\"196\" class=\"wp-image-309\" style=\"width: 100px;\" src=\"http:\/\/biskopen.se\/wp-content\/uploads\/2018\/03\/Biskop-hus-dark.png\" alt=\"\" srcset=\"https:\/\/biskopen.se\/wp-content\/uploads\/2018\/03\/Biskop-hus-dark.png 891w, https:\/\/biskopen.se\/wp-content\/uploads\/2018\/03\/Biskop-hus-dark-153x300.png 153w, https:\/\/biskopen.se\/wp-content\/uploads\/2018\/03\/Biskop-hus-dark-768x1505.png 768w, https:\/\/biskopen.se\/wp-content\/uploads\/2018\/03\/Biskop-hus-dark-523x1024.png 523w\" sizes=\"(max-width: 100px) 100vw, 100px\" \/><\/td><td class=\"has-text-align-center\" data-align=\"center\"><img loading=\"lazy\" decoding=\"async\" width=\"100\" height=\"196\" class=\"wp-image-309\" style=\"width: 100px;\" src=\"http:\/\/biskopen.se\/wp-content\/uploads\/2018\/03\/Biskop-hus-dark.png\" alt=\"\" srcset=\"https:\/\/biskopen.se\/wp-content\/uploads\/2018\/03\/Biskop-hus-dark.png 891w, https:\/\/biskopen.se\/wp-content\/uploads\/2018\/03\/Biskop-hus-dark-153x300.png 153w, https:\/\/biskopen.se\/wp-content\/uploads\/2018\/03\/Biskop-hus-dark-768x1505.png 768w, https:\/\/biskopen.se\/wp-content\/uploads\/2018\/03\/Biskop-hus-dark-523x1024.png 523w\" sizes=\"(max-width: 100px) 100vw, 100px\" \/><\/td><\/tr><tr><td class=\"has-text-align-center\" data-align=\"center\">Storgatan 23<\/td><td class=\"has-text-align-center\" data-align=\"center\">Storgatan 27A-C<br>Storgatan 31A-C<\/td><\/tr><tr><td class=\"has-text-align-center\" data-align=\"center\"><img decoding=\"async\" src=\"http:\/\/biskopen.se\/wp-content\/uploads\/2018\/03\/Biskop-hus-dark.png\" alt=\"\" style=\"width: 100px;\"><\/td><td class=\"has-text-align-center\" data-align=\"center\"><\/td><\/tr><tr><td class=\"has-text-align-center\" data-align=\"center\">Storgatan 29A-C<\/td><td class=\"has-text-align-center\" data-align=\"center\"><\/td><\/tr><\/tbody><\/table><\/figure>\n\n\n<p align=\"left\"><b>Marieholmsg\u00e5rden<\/b><\/p>\n<p align=\"left\">G\u00e5rden k\u00f6ptes 1805 av kronol\u00e4nsman F J Holm, f\u00f6dd 1764 och d\u00e5 uppf\u00f6rdes f\u00f6rsta delen av de nuvarande byggnaderna. Brukningsenheten hade uppkommit vid enskiftet 1804-1806. Holm hade en hustru Maria som fick ge namn till g\u00e5rden. Med lite omskrivning blir det Marieholmsg\u00e5rden. Av d\u00f6dsboet efter Holm k\u00f6pte Peder Julius Wintheer 1858 g\u00e5rden. Peder var f\u00f6dd 1815 i K\u00f6penhamn och flyttade till Sverige och Ask f\u00f6rsamling 1847. P\u00e5 Marieholmsg\u00e5rden blev han k\u00e4nd som det &#8221;rykande lokomotivet&#8221;, det var n\u00e4r han&nbsp; gick p\u00e5 \u00f6verv\u00e5ningen och r\u00f6kte sin pipa. Vid denna tid l\u00e4mnade han ocks\u00e5 jord till j\u00e4rnv\u00e4gen&nbsp; Esl\u00f6v &#8211; Landskrona, som byggdes intill g\u00e5rden och invigdes \u00e5r 1865. 1866 s\u00e5lde man g\u00e5rden och flyttade till Ellinge 8:14 i V.Sallerup, en arrendeg\u00e5rd till Ellinge gods. I barnaskaran p\u00e5 8 f\u00f6ddes 1859 sonen Edvard som senare skulle \u00e5terkomma till g\u00e5rden. P\u00e5 1870-talet f\u00f6rv\u00e4rvades g\u00e5rden av Marieholms f\u00f6rste industriidkare Magnus Sundelius och hans hustru Bengta, som byggde om g\u00e5rden. Till g\u00e5rden h\u00f6rde mycket mark. Stora delar av samh\u00e4llet Marieholm ligger p\u00e5 mark som en g\u00e5ng tillh\u00f6rde g\u00e5rden. P\u00e5 1930-talet f\u00f6rsta h\u00e4lft installerade en reaktionsfri djurbes\u00e4ttning p\u00e5 g\u00e5rden och det s\u00e5ldes mj\u00f6lk fr\u00e5n egen butik. De f\u00f6rsta \u00e5ren p\u00e5 1950-talet var kommunalkontoret inrymt i mang\u00e5rdsbyggnaden. Idag \u00e4r det l\u00e4genheter i fastigheten med tillbyggda annex av 1-plans mark-l\u00e4genhet.<\/p>\n<p align=\"left\">K\u00e4lla: Marieholmsbyalag &#8211; Rustan Ligander, Sven M\u00e5nsson, B\u00f6rje Gustavsson<\/p>","protected":false},"excerpt":{"rendered":"<p>Omr\u00e5de och adresser Storgatan 23 Storgatan 27A-CStorgatan 31A-C Storgatan 29A-C Marieholmsg\u00e5rden G\u00e5rden k\u00f6ptes 1805 av kronol\u00e4nsman F J Holm, f\u00f6dd 1764 och d\u00e5 uppf\u00f6rdes f\u00f6rsta delen av de nuvarande byggnaderna. Brukningsenheten hade uppkommit vid enskiftet 1804-1806. Holm hade en hustru Maria som fick ge namn till g\u00e5rden. Med lite omskrivning blir det Marieholmsg\u00e5rden. Av d\u00f6dsboet efter Holm k\u00f6pte Peder Julius Wintheer 1858 g\u00e5rden. Peder var f\u00f6dd 1815 i K\u00f6penhamn och flyttade till Sverige och Ask f\u00f6rsamling 1847. P\u00e5 Marieholmsg\u00e5rden blev&#8230;<\/p>\n<p class=\"read-more\"><a class=\"btn btn-default\" href=\"https:\/\/biskopen.se\/index.php\/marieholm-eslov\/\">L\u00e4s mer<span class=\"screen-reader-text\"> L\u00e4s mer<\/span><\/a><\/p>\n","protected":false},"author":3,"featured_media":0,"parent":0,"menu_order":0,"comment_status":"closed","ping_status":"closed","template":"","meta":{"saved_in_kubio":false,"footnotes":""},"class_list":["post-211","page","type-page","status-publish","hentry"],"kubio_ai_page_context":{"short_desc":"","purpose":"general"},"_links":{"self":[{"href":"https:\/\/biskopen.se\/index.php\/wp-json\/wp\/v2\/pages\/211","targetHints":{"allow":["GET"]}}],"collection":[{"href":"https:\/\/biskopen.se\/index.php\/wp-json\/wp\/v2\/pages"}],"about":[{"href":"https:\/\/biskopen.se\/index.php\/wp-json\/wp\/v2\/types\/page"}],"author":[{"embeddable":true,"href":"https:\/\/biskopen.se\/index.php\/wp-json\/wp\/v2\/users\/3"}],"replies":[{"embeddable":true,"href":"https:\/\/biskopen.se\/index.php\/wp-json\/wp\/v2\/comments?post=211"}],"version-history":[{"count":7,"href":"https:\/\/biskopen.se\/index.php\/wp-json\/wp\/v2\/pages\/211\/revisions"}],"predecessor-version":[{"id":3956,"href":"https:\/\/biskopen.se\/index.php\/wp-json\/wp\/v2\/pages\/211\/revisions\/3956"}],"wp:attachment":[{"href":"https:\/\/biskopen.se\/index.php\/wp-json\/wp\/v2\/media?parent=211"}],"curies":[{"name":"wp","href":"https:\/\/api.w.org\/{rel}","templated":true}]}}